{"id":16,"date":"2016-07-17T15:23:34","date_gmt":"2016-07-17T13:23:34","guid":{"rendered":"http:\/\/sandrinewillems.com\/?page_id=16"},"modified":"2023-07-27T14:52:08","modified_gmt":"2023-07-27T12:52:08","slug":"una-voce-poco-fa","status":"publish","type":"page","link":"http:\/\/sandrinewillems.com\/?page_id=16","title":{"rendered":"Una Voce poco fa"},"content":{"rendered":"<p><img decoding=\"async\" loading=\"lazy\" class=\"aligncenter wp-image-17 size-medium\" title=\"Una Voce poco fa\" src=\"http:\/\/sandrinewillems.com\/wp-content\/uploads\/2016\/07\/una-voce-poco-fa-202x300.jpg\" alt=\"Una Voce poco fa\" width=\"202\" height=\"300\" srcset=\"http:\/\/sandrinewillems.com\/wp-content\/uploads\/2016\/07\/una-voce-poco-fa-202x300.jpg 202w, http:\/\/sandrinewillems.com\/wp-content\/uploads\/2016\/07\/una-voce-poco-fa.jpg 400w\" sizes=\"(max-width: 202px) 85vw, 202px\" \/><\/p>\n<p>La voix fabuleuse de Maria Malibran, diva du d\u00e9but du dix-neuvi\u00e8me si\u00e8cle, s\u2019illustra dans les \u0153uvres de Rossini, Bellini, Donizetti, et au cours de ses nombreuses tourn\u00e9es, qui la conduisirent jusqu\u2019en Am\u00e9rique, connut un succ\u00e8s foudroyant. Mais sa vie tumultueuse contribua aussi \u00e0 sa l\u00e9gende, et celle-ci s\u2019\u00e9leva au mythe lorsque la jeune femme mourut, \u00e0 vingt-huit ans, d\u2019une chute de cheval. Elle \u00e9tait alors enceinte. C\u2019est \u00e0 l\u2019enfant qu\u2019elle portait qu\u2019elle s\u2019adresse ici, en un monologue surgi comme d\u2019outre-tombe, o\u00f9 elle rend vie \u00e0 ses souvenirs les plus intenses, o\u00f9 le go\u00fbt du sacrifice s\u2019allie \u00e0 une profonde m\u00e9lancolie.<\/p>\n<hr \/>\n<p style=\"text-align: center;\"><a href=\"http:\/\/sandrinewillems.com\/?page_id=1191\"><strong>Lire un extrait\u00a0<\/strong><\/a><\/p>\n<hr \/>\n<p><strong>Presse :<\/strong><\/p>\n<p>\u00ab\u00a0Sandrine Willems a r\u00e9ussi \u00e0 trouver le ton juste pour faire entendre ici une voix introuvable. Dans cette confession imaginaire destin\u00e9e \u00e0 son enfant mort, la Malibran pleure un monde qu\u2019elle n\u2019a pas eu le temps d\u2019habiter. (\u2026) \u00ab\u00a0C\u2019est en cela, \u00e9crit Sandrine Willems, que le chant console, il tente de donner ce qu\u2019on a perdu.\u00a0\u00bb Et soudain, un elfe passe.\u00a0\u00bb<\/p>\n<p>J\u00e9r\u00f4me Garcin \u2013\u00a0<em>Le Nouvel Observateur<\/em>\u00a0\u2013 mai 2000<\/p>\n<p style=\"text-align: center;\"><a href=\"http:\/\/sandrinewillems.com\/?page_id=412\"><strong>Retour<\/strong><\/a><\/p>\n","protected":false},"excerpt":{"rendered":"<p>La voix fabuleuse de Maria Malibran, diva du d\u00e9but du dix-neuvi\u00e8me si\u00e8cle, s\u2019illustra dans les \u0153uvres de Rossini, Bellini, Donizetti, et au cours de ses nombreuses tourn\u00e9es, qui la conduisirent jusqu\u2019en Am\u00e9rique, connut un succ\u00e8s foudroyant. Mais sa vie tumultueuse contribua aussi \u00e0 sa l\u00e9gende, et celle-ci s\u2019\u00e9leva au mythe lorsque la jeune femme mourut, &hellip; <a href=\"http:\/\/sandrinewillems.com\/?page_id=16\" class=\"more-link\">Continuer la lecture<span class=\"screen-reader-text\"> de &laquo;&nbsp;Una Voce poco fa&nbsp;&raquo;<\/span><\/a><\/p>\n","protected":false},"author":1,"featured_media":0,"parent":171,"menu_order":0,"comment_status":"closed","ping_status":"closed","template":"","meta":[],"_links":{"self":[{"href":"http:\/\/sandrinewillems.com\/index.php?rest_route=\/wp\/v2\/pages\/16"}],"collection":[{"href":"http:\/\/sandrinewillems.com\/index.php?rest_route=\/wp\/v2\/pages"}],"about":[{"href":"http:\/\/sandrinewillems.com\/index.php?rest_route=\/wp\/v2\/types\/page"}],"author":[{"embeddable":true,"href":"http:\/\/sandrinewillems.com\/index.php?rest_route=\/wp\/v2\/users\/1"}],"replies":[{"embeddable":true,"href":"http:\/\/sandrinewillems.com\/index.php?rest_route=%2Fwp%2Fv2%2Fcomments&post=16"}],"version-history":[{"count":11,"href":"http:\/\/sandrinewillems.com\/index.php?rest_route=\/wp\/v2\/pages\/16\/revisions"}],"predecessor-version":[{"id":1197,"href":"http:\/\/sandrinewillems.com\/index.php?rest_route=\/wp\/v2\/pages\/16\/revisions\/1197"}],"up":[{"embeddable":true,"href":"http:\/\/sandrinewillems.com\/index.php?rest_route=\/wp\/v2\/pages\/171"}],"wp:attachment":[{"href":"http:\/\/sandrinewillems.com\/index.php?rest_route=%2Fwp%2Fv2%2Fmedia&parent=16"}],"curies":[{"name":"wp","href":"https:\/\/api.w.org\/{rel}","templated":true}]}}