{"id":1032,"date":"2023-07-14T10:54:58","date_gmt":"2023-07-14T08:54:58","guid":{"rendered":"http:\/\/sandrinewillems.com\/?page_id=1032"},"modified":"2023-08-17T16:17:39","modified_gmt":"2023-08-17T14:17:39","slug":"au-coeur-des-hommes-enquete-sur-les-affects-masculins","status":"publish","type":"page","link":"http:\/\/sandrinewillems.com\/?page_id=1032","title":{"rendered":"Au c\u0153ur des hommes"},"content":{"rendered":"\n<h2 class=\"wp-block-heading\">Enqu\u00eate sur les affects masculins<\/h2>\n\n\n<p><img decoding=\"async\" loading=\"lazy\" class=\"aligncenter wp-image-1033 size-full\" src=\"http:\/\/sandrinewillems.com\/wp-content\/uploads\/2023\/07\/CoeurCOUV-1.jpg\" alt=\"Au c\u0153ur des hommes\" width=\"397\" height=\"544\" srcset=\"http:\/\/sandrinewillems.com\/wp-content\/uploads\/2023\/07\/CoeurCOUV-1.jpg 397w, http:\/\/sandrinewillems.com\/wp-content\/uploads\/2023\/07\/CoeurCOUV-1-219x300.jpg 219w\" sizes=\"(max-width: 397px) 85vw, 397px\" \/><\/p>\n<p>Les propos r\u00e9unis ici sont issus d\u2019interviews, d\u2019une douzaine d\u2019hommes entre 25 et 65 ans. Il se demandent ce que peut vouloir dire aujourd\u2019hui \u00eatre \u00ab un homme \u00bb et interrogent les multiples sens que ce terme peut prendre, ceux dont ils ne veulent plus, ceux qui restent \u00e0 inventer. Des h\u00e9t\u00e9ros, des bis, des gays, questionnent leur pr\u00e9tendue f\u00e9minit\u00e9, et la diff\u00e9rence des genres, si incertaine, de nos jours particuli\u00e8rement vacillante.<br>Par l\u00e0 chacun tente de dire son monde int\u00e9rieur, ses humeurs, le fond de son \u00ab c\u0153ur \u00bb ou de son \u00ab \u00e2me \u00bb, et ce que ces mots issus d\u2019un autre \u00e2ge signifient pour lui. Ce qui m\u00e8ne \u00e0 r\u00e9interroger du m\u00eame coup l\u2019amour, l\u2019amiti\u00e9, et ce qui pourrait les \u00e9largir, les englober, dans ce qu\u2019on a pu appeler un affect<br>\u00ab oc\u00e9anique \u00bb, o\u00f9 l\u2019on se sentirait reli\u00e9 au monde non humain, ou \u00e0 l\u2019inconnu de ce qui nous d\u00e9passe.<\/p>\n<hr>\n<p style=\"text-align: center;\"><a href=\"http:\/\/sandrinewillems.com\/?page_id=1091\"><strong>Lire un extrait<\/strong><\/a><\/p>\n<hr>\n<p>Presse :<br>\u00ab\u00a0C&rsquo;est avec la sensibilit\u00e9 de l&rsquo;\u00e9thologue, le radar de l&rsquo;\u00e9cologie des pratiques animales, humaines et non-humaines, que Sandrine Willems \u00e9coute ses interlocuteurs, sans exporter dans leurs paroles des visions, des st\u00e9r\u00e9otypes (anciens ou nouveaux), des grilles d&rsquo;analyse. (&#8230;) C&rsquo;est avec empathie et dot\u00e9e de l&rsquo;oreille d&rsquo;une musicienne-po\u00e8te qu&rsquo;elle \u00e9coute les voix qui explorent les questions qu&rsquo;elle leur tend, qui se confient \u00e0 elle.\u00a0\u00bb<br>V\u00e9ronique Bergen,&nbsp;<em>Le Carnet et les Instants<\/em>, mars 2022<\/p>\n<p style=\"text-align: center;\"><a href=\"http:\/\/sandrinewillems.com\/?page_id=412\"><strong>Retour<\/strong><\/a><\/p>","protected":false},"excerpt":{"rendered":"<p>Enqu\u00eate sur les affects masculins Les propos r\u00e9unis ici sont issus d\u2019interviews, d\u2019une douzaine d\u2019hommes entre 25 et 65 ans. Il se demandent ce que peut vouloir dire aujourd\u2019hui \u00eatre \u00ab un homme \u00bb et interrogent les multiples sens que ce terme peut prendre, ceux dont ils ne veulent plus, ceux qui restent \u00e0 inventer. &hellip; <a href=\"http:\/\/sandrinewillems.com\/?page_id=1032\" class=\"more-link\">Continuer la lecture<span class=\"screen-reader-text\"> de &laquo;&nbsp;Au c\u0153ur des hommes&nbsp;&raquo;<\/span><\/a><\/p>\n","protected":false},"author":1,"featured_media":0,"parent":0,"menu_order":0,"comment_status":"closed","ping_status":"closed","template":"","meta":[],"_links":{"self":[{"href":"http:\/\/sandrinewillems.com\/index.php?rest_route=\/wp\/v2\/pages\/1032"}],"collection":[{"href":"http:\/\/sandrinewillems.com\/index.php?rest_route=\/wp\/v2\/pages"}],"about":[{"href":"http:\/\/sandrinewillems.com\/index.php?rest_route=\/wp\/v2\/types\/page"}],"author":[{"embeddable":true,"href":"http:\/\/sandrinewillems.com\/index.php?rest_route=\/wp\/v2\/users\/1"}],"replies":[{"embeddable":true,"href":"http:\/\/sandrinewillems.com\/index.php?rest_route=%2Fwp%2Fv2%2Fcomments&post=1032"}],"version-history":[{"count":8,"href":"http:\/\/sandrinewillems.com\/index.php?rest_route=\/wp\/v2\/pages\/1032\/revisions"}],"predecessor-version":[{"id":1325,"href":"http:\/\/sandrinewillems.com\/index.php?rest_route=\/wp\/v2\/pages\/1032\/revisions\/1325"}],"wp:attachment":[{"href":"http:\/\/sandrinewillems.com\/index.php?rest_route=%2Fwp%2Fv2%2Fmedia&parent=1032"}],"curies":[{"name":"wp","href":"https:\/\/api.w.org\/{rel}","templated":true}]}}